{"id":9181,"date":"2026-09-03T08:00:00","date_gmt":"2026-09-03T06:00:00","guid":{"rendered":"https:\/\/www.isrec.ch\/?post_type=recherche&#038;p=9181"},"modified":"2026-09-02T16:40:54","modified_gmt":"2026-09-02T14:40:54","slug":"lungenkrebs-und-melanom-pd-dr-gregory-verdeil-unil-prof-alfred-zippelius-usb-und-prof-kirsten-mertz-usb","status":"publish","type":"recherche","link":"https:\/\/www.isrec.ch\/de\/forschung\/lungenkrebs-und-melanom-pd-dr-gregory-verdeil-unil-prof-alfred-zippelius-usb-und-prof-kirsten-mertz-usb\/","title":{"rendered":"<strong>Lungenkrebs und Melanom<\/strong> &#8211; PD Dr. Gr\u00e9gory Verdeil (UNIL), Prof. Alfred Zippelius (USB) und Prof. Kirsten Mertz (USB)"},"content":{"rendered":"\n<h2 class=\"wp-block-heading\">Verbesserung der Persistenz und Wirksamkeit von zur Krebsbek\u00e4mpfung eingesetzten Immunzellen<\/h2>\n\n\n\n<h4 class=\"wp-block-heading\">Untersuchung der r\u00e4umlichen Aktivit\u00e4t von NFAT5 als Faktor f\u00fcr das Versagen des Immunsystems und als Ziel f\u00fcr neuartige Krebsimmuntherapien<\/h4>\n\n\n\n<p class=\"wp-block-paragraph\">In diesem Projekt wird untersucht, warum T-Lymphozyten, deren Aufgabe es ist, Krebszellen anzugreifen, in bestimmten Tumoren ihre Wirksamkeit nach und nach verlieren. Die Forschenden interessieren sich f\u00fcr NFAT5. Dieses Protein ist in den nekrotischen Zonen des Tumors, wo die lokalen Bedingungen eine Ersch\u00f6pfung der Immunzellen beg\u00fcnstigen k\u00f6nnten, besonders aktiv. Dieser Mechanismus wird in Proben von Melanomen und Lungenkrebs untersucht, um festzustellen, ob die Aktivit\u00e4t von NFAT5 eingesetzt werden kann, um das Ansprechen auf Behandlungen vorherzusagen.<\/p>\n\n\n\n<p class=\"wp-block-paragraph\">Im Rahmen dieses Projektes wird ausserdem eine Strategie evaluiert, bei der NFAT5 blockiert wird, um die antitumorale Aktivit\u00e4t der T-Lymphozyten wiederherzustellen. Die Forschenden werden diesen Ansatz in pr\u00e4klinischen Modellen, an Patientengewebe sowie im Rahmen von Zelltherapien pr\u00fcfen. Ziel ist es, die Persistenz und Wirksamkeit der Immunzellen im Kampf gegen Krebserkrankungen zu steigern.<\/p>\n","protected":false},"featured_media":0,"template":"","cat-recherche":[120],"class_list":["post-9181","recherche","type-recherche","status-publish","hentry","cat-recherche-tandem2026"],"acf":[],"aioseo_notices":[],"aioseo_head":"\n\t\t<!-- All in One SEO 5.0.1.1 - aioseo.com -->\n\t<meta name=\"description\" content=\"Verbesserung der Persistenz und Wirksamkeit von zur Krebsbek\u00e4mpfung eingesetzten Immunzellen Untersuchung der r\u00e4umlichen Aktivit\u00e4t von NFAT5 als Faktor f\u00fcr das Versagen des Immunsystems und als Ziel f\u00fcr neuartige Krebsimmuntherapien In diesem Projekt wird untersucht, warum T-Lymphozyten, deren Aufgabe es ist, Krebszellen anzugreifen, in bestimmten Tumoren ihre Wirksamkeit nach und nach verlieren. Die Forschenden interessieren sich\" \/>\n\t<meta name=\"robots\" content=\"max-image-preview:large\" \/>\n\t<link rel=\"canonical\" href=\"https:\/\/www.isrec.ch\/de\/forschung\/lungenkrebs-und-melanom-pd-dr-gregory-verdeil-unil-prof-alfred-zippelius-usb-und-prof-kirsten-mertz-usb\/\" \/>\n\t<meta name=\"generator\" content=\"All in One SEO (AIOSEO) 5.0.1.1\" \/>\n\t\t<meta property=\"og:locale\" content=\"de_DE\" \/>\n\t\t<meta property=\"og:site_name\" content=\"Fondation ISREC -\" \/>\n\t\t<meta property=\"og:type\" content=\"article\" \/>\n\t\t<meta property=\"og:title\" content=\"Lungenkrebs und Melanom \u2013 PD Dr. Gr\u00e9gory Verdeil (UNIL), Prof. Alfred Zippelius (USB) und Prof. Kirsten Mertz (USB) - Fondation ISREC\" \/>\n\t\t<meta property=\"og:description\" content=\"Verbesserung der Persistenz und Wirksamkeit von zur Krebsbek\u00e4mpfung eingesetzten Immunzellen Untersuchung der r\u00e4umlichen Aktivit\u00e4t von NFAT5 als Faktor f\u00fcr das Versagen des Immunsystems und als Ziel f\u00fcr neuartige Krebsimmuntherapien In diesem Projekt wird untersucht, warum T-Lymphozyten, deren Aufgabe es ist, Krebszellen anzugreifen, in bestimmten Tumoren ihre Wirksamkeit nach und nach verlieren. Die Forschenden interessieren sich\" \/>\n\t\t<meta property=\"og:url\" content=\"https:\/\/www.isrec.ch\/de\/forschung\/lungenkrebs-und-melanom-pd-dr-gregory-verdeil-unil-prof-alfred-zippelius-usb-und-prof-kirsten-mertz-usb\/\" \/>\n\t\t<meta property=\"og:image\" content=\"https:\/\/www.isrec.ch\/app\/uploads\/2023\/11\/ISREC_logo_rvb.jpg\" \/>\n\t\t<meta property=\"og:image:secure_url\" content=\"https:\/\/www.isrec.ch\/app\/uploads\/2023\/11\/ISREC_logo_rvb.jpg\" \/>\n\t\t<meta property=\"og:image:width\" content=\"2362\" \/>\n\t\t<meta property=\"og:image:height\" content=\"1181\" \/>\n\t\t<meta property=\"article:published_time\" content=\"2026-09-03T06:00:00+00:00\" \/>\n\t\t<meta property=\"article:modified_time\" content=\"2026-09-02T14:40:54+00:00\" \/>\n\t\t<meta property=\"article:publisher\" content=\"https:\/\/www.facebook.com\/FondationISREC?locale=fr_FR\" \/>\n\t\t<meta name=\"twitter:card\" content=\"summary\" \/>\n\t\t<meta name=\"twitter:site\" content=\"@FondationIsrec\" \/>\n\t\t<meta name=\"twitter:title\" content=\"Lungenkrebs und Melanom \u2013 PD Dr. Gr\u00e9gory Verdeil (UNIL), Prof. Alfred Zippelius (USB) und Prof. Kirsten Mertz (USB) - Fondation ISREC\" \/>\n\t\t<meta name=\"twitter:description\" content=\"Verbesserung der Persistenz und Wirksamkeit von zur Krebsbek\u00e4mpfung eingesetzten Immunzellen Untersuchung der r\u00e4umlichen Aktivit\u00e4t von NFAT5 als Faktor f\u00fcr das Versagen des Immunsystems und als Ziel f\u00fcr neuartige Krebsimmuntherapien In diesem Projekt wird untersucht, warum T-Lymphozyten, deren Aufgabe es ist, Krebszellen anzugreifen, in bestimmten Tumoren ihre Wirksamkeit nach und nach verlieren. Die Forschenden interessieren sich\" \/>\n\t\t<meta name=\"twitter:image\" content=\"https:\/\/www.isrec.ch\/app\/uploads\/2023\/11\/ISREC_logo_rvb.jpg\" \/>\n\t\t<script type=\"application\/ld+json\" class=\"aioseo-schema\">\n\t\t\t{\"@context\":\"https:\\\/\\\/schema.org\",\"@graph\":[{\"@type\":\"BreadcrumbList\",\"@id\":\"https:\\\/\\\/www.isrec.ch\\\/de\\\/forschung\\\/lungenkrebs-und-melanom-pd-dr-gregory-verdeil-unil-prof-alfred-zippelius-usb-und-prof-kirsten-mertz-usb\\\/#breadcrumblist\",\"itemListElement\":[{\"@type\":\"ListItem\",\"@id\":\"https:\\\/\\\/www.isrec.ch\\\/de\\\/#listItem\",\"position\":1,\"name\":\"Home\",\"item\":\"https:\\\/\\\/www.isrec.ch\\\/de\\\/\",\"nextItem\":{\"@type\":\"ListItem\",\"@id\":\"https:\\\/\\\/www.isrec.ch\\\/de\\\/cat-recherche\\\/tandem-de\\\/#listItem\",\"name\":\"Tandem\"}},{\"@type\":\"ListItem\",\"@id\":\"https:\\\/\\\/www.isrec.ch\\\/de\\\/cat-recherche\\\/tandem-de\\\/#listItem\",\"position\":2,\"name\":\"Tandem\",\"item\":\"https:\\\/\\\/www.isrec.ch\\\/de\\\/cat-recherche\\\/tandem-de\\\/\",\"nextItem\":{\"@type\":\"ListItem\",\"@id\":\"https:\\\/\\\/www.isrec.ch\\\/de\\\/cat-recherche\\\/tandem-de\\\/tandem2026\\\/#listItem\",\"name\":\"- TANDEM 2026\"},\"previousItem\":{\"@type\":\"ListItem\",\"@id\":\"https:\\\/\\\/www.isrec.ch\\\/de\\\/#listItem\",\"name\":\"Home\"}},{\"@type\":\"ListItem\",\"@id\":\"https:\\\/\\\/www.isrec.ch\\\/de\\\/cat-recherche\\\/tandem-de\\\/tandem2026\\\/#listItem\",\"position\":3,\"name\":\"- TANDEM 2026\",\"item\":\"https:\\\/\\\/www.isrec.ch\\\/de\\\/cat-recherche\\\/tandem-de\\\/tandem2026\\\/\",\"nextItem\":{\"@type\":\"ListItem\",\"@id\":\"https:\\\/\\\/www.isrec.ch\\\/de\\\/forschung\\\/lungenkrebs-und-melanom-pd-dr-gregory-verdeil-unil-prof-alfred-zippelius-usb-und-prof-kirsten-mertz-usb\\\/#listItem\",\"name\":\"Lungenkrebs und Melanom &#8211; PD Dr. Gr\\u00e9gory Verdeil (UNIL), Prof. Alfred Zippelius (USB) und Prof. Kirsten Mertz (USB)\"},\"previousItem\":{\"@type\":\"ListItem\",\"@id\":\"https:\\\/\\\/www.isrec.ch\\\/de\\\/cat-recherche\\\/tandem-de\\\/#listItem\",\"name\":\"Tandem\"}},{\"@type\":\"ListItem\",\"@id\":\"https:\\\/\\\/www.isrec.ch\\\/de\\\/forschung\\\/lungenkrebs-und-melanom-pd-dr-gregory-verdeil-unil-prof-alfred-zippelius-usb-und-prof-kirsten-mertz-usb\\\/#listItem\",\"position\":4,\"name\":\"Lungenkrebs und Melanom &#8211; PD Dr. Gr\\u00e9gory Verdeil (UNIL), Prof. Alfred Zippelius (USB) und Prof. Kirsten Mertz (USB)\",\"previousItem\":{\"@type\":\"ListItem\",\"@id\":\"https:\\\/\\\/www.isrec.ch\\\/de\\\/cat-recherche\\\/tandem-de\\\/tandem2026\\\/#listItem\",\"name\":\"- TANDEM 2026\"}}]},{\"@type\":\"Organization\",\"@id\":\"https:\\\/\\\/www.isrec.ch\\\/de\\\/#organization\",\"name\":\"Fondation ISREC\",\"url\":\"https:\\\/\\\/www.isrec.ch\\\/de\\\/\",\"sameAs\":[\"https:\\\/\\\/twitter.com\\\/FondationIsrec\",\"https:\\\/\\\/www.instagram.com\\\/fondation_isrec_lausanne\\\/\",\"https:\\\/\\\/www.youtube.com\\\/@fondationisrec8946\",\"https:\\\/\\\/www.linkedin.com\\\/company\\\/fondation-isrec\\\/\"]},{\"@type\":\"WebPage\",\"@id\":\"https:\\\/\\\/www.isrec.ch\\\/de\\\/forschung\\\/lungenkrebs-und-melanom-pd-dr-gregory-verdeil-unil-prof-alfred-zippelius-usb-und-prof-kirsten-mertz-usb\\\/#webpage\",\"url\":\"https:\\\/\\\/www.isrec.ch\\\/de\\\/forschung\\\/lungenkrebs-und-melanom-pd-dr-gregory-verdeil-unil-prof-alfred-zippelius-usb-und-prof-kirsten-mertz-usb\\\/\",\"name\":\"Lungenkrebs und Melanom \\u2013 PD Dr. Gr\\u00e9gory Verdeil (UNIL), Prof. Alfred Zippelius (USB) und Prof. Kirsten Mertz (USB) - Fondation ISREC\",\"description\":\"Verbesserung der Persistenz und Wirksamkeit von zur Krebsbek\\u00e4mpfung eingesetzten Immunzellen Untersuchung der r\\u00e4umlichen Aktivit\\u00e4t von NFAT5 als Faktor f\\u00fcr das Versagen des Immunsystems und als Ziel f\\u00fcr neuartige Krebsimmuntherapien In diesem Projekt wird untersucht, warum T-Lymphozyten, deren Aufgabe es ist, Krebszellen anzugreifen, in bestimmten Tumoren ihre Wirksamkeit nach und nach verlieren. Die Forschenden interessieren sich\",\"inLanguage\":\"de-DE\",\"isPartOf\":{\"@id\":\"https:\\\/\\\/www.isrec.ch\\\/de\\\/#website\"},\"breadcrumb\":{\"@id\":\"https:\\\/\\\/www.isrec.ch\\\/de\\\/forschung\\\/lungenkrebs-und-melanom-pd-dr-gregory-verdeil-unil-prof-alfred-zippelius-usb-und-prof-kirsten-mertz-usb\\\/#breadcrumblist\"},\"datePublished\":\"2026-09-03T08:00:00+02:00\",\"dateModified\":\"2026-09-02T16:40:54+02:00\"},{\"@type\":\"WebSite\",\"@id\":\"https:\\\/\\\/www.isrec.ch\\\/de\\\/#website\",\"url\":\"https:\\\/\\\/www.isrec.ch\\\/de\\\/\",\"name\":\"Fondation ISREC\",\"inLanguage\":\"de-DE\",\"publisher\":{\"@id\":\"https:\\\/\\\/www.isrec.ch\\\/de\\\/#organization\"}}]}\n\t\t<\/script>\n\t\t<!-- All in One SEO -->\n\n","aioseo_head_json":{"title":"Lungenkrebs und Melanom \u2013 PD Dr. Gr\u00e9gory Verdeil (UNIL), Prof. Alfred Zippelius (USB) und Prof. Kirsten Mertz (USB) - Fondation ISREC","description":"Verbesserung der Persistenz und Wirksamkeit von zur Krebsbek\u00e4mpfung eingesetzten Immunzellen Untersuchung der r\u00e4umlichen Aktivit\u00e4t von NFAT5 als Faktor f\u00fcr das Versagen des Immunsystems und als Ziel f\u00fcr neuartige Krebsimmuntherapien In diesem Projekt wird untersucht, warum T-Lymphozyten, deren Aufgabe es ist, Krebszellen anzugreifen, in bestimmten Tumoren ihre Wirksamkeit nach und nach verlieren. Die Forschenden interessieren sich","canonical_url":"https:\/\/www.isrec.ch\/de\/forschung\/lungenkrebs-und-melanom-pd-dr-gregory-verdeil-unil-prof-alfred-zippelius-usb-und-prof-kirsten-mertz-usb\/","robots":"max-image-preview:large","keywords":"","webmasterTools":{"miscellaneous":""},"schema":{"@context":"https:\/\/schema.org","@graph":[{"@type":"BreadcrumbList","@id":"https:\/\/www.isrec.ch\/de\/forschung\/lungenkrebs-und-melanom-pd-dr-gregory-verdeil-unil-prof-alfred-zippelius-usb-und-prof-kirsten-mertz-usb\/#breadcrumblist","itemListElement":[{"@type":"ListItem","@id":"https:\/\/www.isrec.ch\/de\/#listItem","position":1,"name":"Home","item":"https:\/\/www.isrec.ch\/de\/","nextItem":{"@type":"ListItem","@id":"https:\/\/www.isrec.ch\/de\/cat-recherche\/tandem-de\/#listItem","name":"Tandem"}},{"@type":"ListItem","@id":"https:\/\/www.isrec.ch\/de\/cat-recherche\/tandem-de\/#listItem","position":2,"name":"Tandem","item":"https:\/\/www.isrec.ch\/de\/cat-recherche\/tandem-de\/","nextItem":{"@type":"ListItem","@id":"https:\/\/www.isrec.ch\/de\/cat-recherche\/tandem-de\/tandem2026\/#listItem","name":"- TANDEM 2026"},"previousItem":{"@type":"ListItem","@id":"https:\/\/www.isrec.ch\/de\/#listItem","name":"Home"}},{"@type":"ListItem","@id":"https:\/\/www.isrec.ch\/de\/cat-recherche\/tandem-de\/tandem2026\/#listItem","position":3,"name":"- TANDEM 2026","item":"https:\/\/www.isrec.ch\/de\/cat-recherche\/tandem-de\/tandem2026\/","nextItem":{"@type":"ListItem","@id":"https:\/\/www.isrec.ch\/de\/forschung\/lungenkrebs-und-melanom-pd-dr-gregory-verdeil-unil-prof-alfred-zippelius-usb-und-prof-kirsten-mertz-usb\/#listItem","name":"Lungenkrebs und Melanom &#8211; PD Dr. Gr\u00e9gory Verdeil (UNIL), Prof. Alfred Zippelius (USB) und Prof. Kirsten Mertz (USB)"},"previousItem":{"@type":"ListItem","@id":"https:\/\/www.isrec.ch\/de\/cat-recherche\/tandem-de\/#listItem","name":"Tandem"}},{"@type":"ListItem","@id":"https:\/\/www.isrec.ch\/de\/forschung\/lungenkrebs-und-melanom-pd-dr-gregory-verdeil-unil-prof-alfred-zippelius-usb-und-prof-kirsten-mertz-usb\/#listItem","position":4,"name":"Lungenkrebs und Melanom &#8211; PD Dr. Gr\u00e9gory Verdeil (UNIL), Prof. Alfred Zippelius (USB) und Prof. Kirsten Mertz (USB)","previousItem":{"@type":"ListItem","@id":"https:\/\/www.isrec.ch\/de\/cat-recherche\/tandem-de\/tandem2026\/#listItem","name":"- TANDEM 2026"}}]},{"@type":"Organization","@id":"https:\/\/www.isrec.ch\/de\/#organization","name":"Fondation ISREC","url":"https:\/\/www.isrec.ch\/de\/","sameAs":["https:\/\/twitter.com\/FondationIsrec","https:\/\/www.instagram.com\/fondation_isrec_lausanne\/","https:\/\/www.youtube.com\/@fondationisrec8946","https:\/\/www.linkedin.com\/company\/fondation-isrec\/"]},{"@type":"WebPage","@id":"https:\/\/www.isrec.ch\/de\/forschung\/lungenkrebs-und-melanom-pd-dr-gregory-verdeil-unil-prof-alfred-zippelius-usb-und-prof-kirsten-mertz-usb\/#webpage","url":"https:\/\/www.isrec.ch\/de\/forschung\/lungenkrebs-und-melanom-pd-dr-gregory-verdeil-unil-prof-alfred-zippelius-usb-und-prof-kirsten-mertz-usb\/","name":"Lungenkrebs und Melanom \u2013 PD Dr. Gr\u00e9gory Verdeil (UNIL), Prof. Alfred Zippelius (USB) und Prof. Kirsten Mertz (USB) - Fondation ISREC","description":"Verbesserung der Persistenz und Wirksamkeit von zur Krebsbek\u00e4mpfung eingesetzten Immunzellen Untersuchung der r\u00e4umlichen Aktivit\u00e4t von NFAT5 als Faktor f\u00fcr das Versagen des Immunsystems und als Ziel f\u00fcr neuartige Krebsimmuntherapien In diesem Projekt wird untersucht, warum T-Lymphozyten, deren Aufgabe es ist, Krebszellen anzugreifen, in bestimmten Tumoren ihre Wirksamkeit nach und nach verlieren. Die Forschenden interessieren sich","inLanguage":"de-DE","isPartOf":{"@id":"https:\/\/www.isrec.ch\/de\/#website"},"breadcrumb":{"@id":"https:\/\/www.isrec.ch\/de\/forschung\/lungenkrebs-und-melanom-pd-dr-gregory-verdeil-unil-prof-alfred-zippelius-usb-und-prof-kirsten-mertz-usb\/#breadcrumblist"},"datePublished":"2026-09-03T08:00:00+02:00","dateModified":"2026-09-02T16:40:54+02:00"},{"@type":"WebSite","@id":"https:\/\/www.isrec.ch\/de\/#website","url":"https:\/\/www.isrec.ch\/de\/","name":"Fondation ISREC","inLanguage":"de-DE","publisher":{"@id":"https:\/\/www.isrec.ch\/de\/#organization"}}]},"og:locale":"de_DE","og:site_name":"Fondation ISREC -","og:type":"article","og:title":"Lungenkrebs und Melanom \u2013 PD Dr. Gr\u00e9gory Verdeil (UNIL), Prof. Alfred Zippelius (USB) und Prof. Kirsten Mertz (USB) - Fondation ISREC","og:description":"Verbesserung der Persistenz und Wirksamkeit von zur Krebsbek\u00e4mpfung eingesetzten Immunzellen Untersuchung der r\u00e4umlichen Aktivit\u00e4t von NFAT5 als Faktor f\u00fcr das Versagen des Immunsystems und als Ziel f\u00fcr neuartige Krebsimmuntherapien In diesem Projekt wird untersucht, warum T-Lymphozyten, deren Aufgabe es ist, Krebszellen anzugreifen, in bestimmten Tumoren ihre Wirksamkeit nach und nach verlieren. Die Forschenden interessieren sich","og:url":"https:\/\/www.isrec.ch\/de\/forschung\/lungenkrebs-und-melanom-pd-dr-gregory-verdeil-unil-prof-alfred-zippelius-usb-und-prof-kirsten-mertz-usb\/","og:image":"https:\/\/www.isrec.ch\/app\/uploads\/2023\/11\/ISREC_logo_rvb.jpg","og:image:secure_url":"https:\/\/www.isrec.ch\/app\/uploads\/2023\/11\/ISREC_logo_rvb.jpg","og:image:width":2362,"og:image:height":1181,"article:published_time":"2026-09-03T06:00:00+00:00","article:modified_time":"2026-09-02T14:40:54+00:00","article:publisher":"https:\/\/www.facebook.com\/FondationISREC?locale=fr_FR","twitter:card":"summary","twitter:site":"@FondationIsrec","twitter:title":"Lungenkrebs und Melanom \u2013 PD Dr. Gr\u00e9gory Verdeil (UNIL), Prof. Alfred Zippelius (USB) und Prof. Kirsten Mertz (USB) - Fondation ISREC","twitter:description":"Verbesserung der Persistenz und Wirksamkeit von zur Krebsbek\u00e4mpfung eingesetzten Immunzellen Untersuchung der r\u00e4umlichen Aktivit\u00e4t von NFAT5 als Faktor f\u00fcr das Versagen des Immunsystems und als Ziel f\u00fcr neuartige Krebsimmuntherapien In diesem Projekt wird untersucht, warum T-Lymphozyten, deren Aufgabe es ist, Krebszellen anzugreifen, in bestimmten Tumoren ihre Wirksamkeit nach und nach verlieren. Die Forschenden interessieren sich","twitter:image":"https:\/\/www.isrec.ch\/app\/uploads\/2023\/11\/ISREC_logo_rvb.jpg"},"aioseo_meta_data":{"post_id":"9181","title":null,"description":null,"keywords":null,"keyphrases":{"focus":{"keyphrase":"","score":0,"analysis":{"keyphraseInTitle":{"score":0,"maxScore":9,"error":1}}},"additional":[]},"primary_term":null,"canonical_url":null,"og_title":null,"og_description":null,"og_object_type":"default","og_image_type":"default","og_image_url":null,"og_image_width":null,"og_image_height":null,"og_image_custom_url":null,"og_image_custom_fields":null,"og_video":"","og_custom_url":null,"og_article_section":null,"og_article_tags":null,"twitter_use_og":false,"twitter_card":"default","twitter_image_type":"default","twitter_image_url":null,"twitter_image_custom_url":null,"twitter_image_custom_fields":null,"twitter_title":null,"twitter_description":null,"schema":{"blockGraphs":[],"customGraphs":[],"default":{"data":{"Article":[],"Course":[],"Dataset":[],"FAQPage":[],"Movie":[],"Person":[],"Product":[],"ProductReview":[],"Car":[],"Recipe":[],"Service":[],"SoftwareApplication":[],"WebPage":[]},"graphName":"WebPage","isEnabled":true},"graphs":[]},"schema_type":"default","schema_type_options":null,"pillar_content":false,"robots_default":true,"robots_noindex":false,"robots_noarchive":false,"robots_nosnippet":false,"robots_nofollow":false,"robots_noimageindex":false,"robots_noodp":false,"robots_notranslate":false,"robots_max_snippet":"-1","robots_max_videopreview":"-1","robots_max_imagepreview":"large","priority":null,"frequency":"default","local_seo":null,"breadcrumb_settings":null,"limit_modified_date":false,"ai":{"faqs":[],"keyPoints":[],"schemas":[],"titles":[],"descriptions":[],"socialPosts":{"email":{"subject":"","preview":"","content":""},"linkedin":[],"twitter":[],"facebook":[],"instagram":[]}},"created":"2026-09-02 14:40:16","updated":"2026-09-03 06:04:56","seo_analyzer_scan_date":null,"focus_keyword":null,"additional_keywords":null,"truseo_locale":null},"aioseo_breadcrumb":"<div class=\"aioseo-breadcrumbs\"><span class=\"aioseo-breadcrumb\">\n\t\t\t<a href=\"https:\/\/www.isrec.ch\/de\/\" title=\"Home\">Home<\/a>\n\t\t<\/span><span class=\"aioseo-breadcrumb-separator\">&raquo;<\/span><span class=\"aioseo-breadcrumb\">\n\t\t\t<a href=\"https:\/\/www.isrec.ch\/de\/cat-recherche\/tandem-de\/\" title=\"Tandem\">Tandem<\/a>\n\t\t<\/span><span class=\"aioseo-breadcrumb-separator\">&raquo;<\/span><span class=\"aioseo-breadcrumb\">\n\t\t\t<a href=\"https:\/\/www.isrec.ch\/de\/cat-recherche\/tandem-de\/tandem2026\/\" title=\"- TANDEM 2026\">- TANDEM 2026<\/a>\n\t\t<\/span><span class=\"aioseo-breadcrumb-separator\">&raquo;<\/span><span class=\"aioseo-breadcrumb\">\n\t\t\t<strong>Lungenkrebs und Melanom<\/strong> \u2013 PD Dr. Gr\u00e9gory Verdeil (UNIL), Prof. Alfred Zippelius (USB) und Prof. Kirsten Mertz (USB)\n\t\t<\/span><\/div>","aioseo_breadcrumb_json":[{"label":"Home","link":"https:\/\/www.isrec.ch\/de\/"},{"label":"Tandem","link":"https:\/\/www.isrec.ch\/de\/cat-recherche\/tandem-de\/"},{"label":"- TANDEM 2026","link":"https:\/\/www.isrec.ch\/de\/cat-recherche\/tandem-de\/tandem2026\/"},{"label":"<strong>Lungenkrebs und Melanom<\/strong> &#8211; PD Dr. Gr\u00e9gory Verdeil (UNIL), Prof. Alfred Zippelius (USB) und Prof. Kirsten Mertz (USB)","link":"https:\/\/www.isrec.ch\/de\/forschung\/lungenkrebs-und-melanom-pd-dr-gregory-verdeil-unil-prof-alfred-zippelius-usb-und-prof-kirsten-mertz-usb\/"}],"_links":{"self":[{"href":"https:\/\/www.isrec.ch\/de\/wp-json\/wp\/v2\/recherche\/9181","targetHints":{"allow":["GET"]}}],"collection":[{"href":"https:\/\/www.isrec.ch\/de\/wp-json\/wp\/v2\/recherche"}],"about":[{"href":"https:\/\/www.isrec.ch\/de\/wp-json\/wp\/v2\/types\/recherche"}],"wp:attachment":[{"href":"https:\/\/www.isrec.ch\/de\/wp-json\/wp\/v2\/media?parent=9181"}],"wp:term":[{"taxonomy":"cat-recherche","embeddable":true,"href":"https:\/\/www.isrec.ch\/de\/wp-json\/wp\/v2\/cat-recherche?post=9181"}],"curies":[{"name":"wp","href":"https:\/\/api.w.org\/{rel}","templated":true}]}}